












{"id":9834,"date":"2020-10-09T07:25:23","date_gmt":"2020-10-09T06:25:23","guid":{"rendered":"https:\/\/www.mymonacelliitaly.com\/product\/colorand\/"},"modified":"2021-05-24T16:44:54","modified_gmt":"2021-05-24T15:44:54","slug":"colorand","status":"publish","type":"product","link":"https:\/\/www.mymonacelliitaly.com\/pt-br\/produto\/colorand\/","title":{"rendered":"COLORAND"},"content":{"rendered":"<section class=\"wpb-content-wrapper\"><p>[vc_row][vc_column][vc_empty_space][vc_row_inner][vc_column_inner][vc_column_text]<\/p>\n<h2 style=\"text-align: center;\">LAS NUANCES COLORAND<\/h2>\n<h6 class=\"dark-product--slider__description\" style=\"text-align: center;\">A linha COLORAND \u00e9 composta por 17 nuances curas e 13 compon\u00edveis em mistura, subdivididas em 11 fam\u00edlias que se misturam perfeitamente entre si. As nuances Colorand foram estudadas para dar reflexos vibrantes e iluminar o comprimento em harmonia com a tintura Coloris.<\/h6>\n<p>[\/vc_column_text][vc_empty_space][\/vc_column_inner][\/vc_row_inner][vc_images_carousel images=&#8221;6999,7002,7005,7008&#8243; img_size=&#8221;full&#8221; onclick=&#8221;link_no&#8221; speed=&#8221;2500&#8243; autoplay=&#8221;yes&#8221; wrap=&#8221;yes&#8221;][\/vc_column][\/vc_row]<\/p>\n<\/section>","protected":false},"excerpt":{"rendered":"<p><strong>VIBRANTE, HARMONIOSO, VERS\u00c1TIL<\/strong><\/p>\n<p>ColorAnd \u00e9 uma tintura cosm\u00e9tica direta.<br \/>\nEnriquecida com o complexo CromacherOne Complex,<br \/>\nque intensifica e exalta a cor natural, corrigindo e harmonizando o reflexo.<br \/>\nAconselhado para quem est\u00e1 tingindo o cabelo pela primeira vez ou para quem j\u00e1 tem cabelos tingidos, descoloridos ou sem reflexos.<br \/>\nTamb\u00e9m pode ser usado imediatamente ap\u00f3s um servi\u00e7o t\u00e9cnico de ondula\u00e7\u00e3o ou de alisamento.<br \/>\nColorAnd sai naturalmente em 10 lavagens, sem deixar o efeito de ra\u00edzes de cor diferente.<\/p>\n<h6><strong>CAPACIDADE<\/strong> 150 ml &#8211; 15 ml<\/h6>\n<h5 style=\"text-align: left;\"><a href=\"https:\/\/www.mymonacelliitaly.com\/pt-br\/encontre-um-salao\/\"><strong>Exclusivamente no sal\u00e3o<\/strong><\/a><\/h5>\n","protected":false},"featured_media":8325,"comment_status":"open","ping_status":"closed","template":"","meta":[],"product_brand":[],"product_cat":[315,308,288,289],"product_tag":[],"class_list":{"0":"post-9834","1":"product","2":"type-product","3":"status-publish","4":"has-post-thumbnail","6":"product_cat-cabelos-com-quimica","7":"product_cat-cabelos-danificados","8":"product_cat-cabelos-tingidos","9":"product_cat-cor","11":"first","12":"instock","13":"shipping-taxable","14":"product-type-variable","15":"has-default-attributes"},"yoast_head":"<!-- This site is optimized with the Yoast SEO plugin v25.0 - https:\/\/yoast.com\/wordpress\/plugins\/seo\/ -->\n<title>COLORAND | My Monacelli Italy<\/title>\n<meta name=\"description\" content=\"VIBRANTE, HARMONIOSO, VERS\u00c1TIL  ColorAnd \u00e9 uma tintura cosm\u00e9tica direta. Enriquecida com o complexo CromacherOne Complex, que intensifica e exalta a cor natural, corrigindo e harmonizando o reflexo. Aconselhado para quem est\u00e1 tingindo o cabelo pela primeira vez ou para quem j\u00e1 tem cabelos tingidos, descoloridos ou sem reflexos. Tamb\u00e9m pode ser usado imediatamente ap\u00f3s um servi\u00e7o t\u00e9cnico de ondula\u00e7\u00e3o ou de alisamento. ColorAnd sai naturalmente em 10 lavagens, sem deixar o efeito de ra\u00edzes de cor diferente. CAPACIDADE 150 ml - 15 ml Exclusivamente no sal\u00e3o\" \/>\n<meta name=\"robots\" content=\"index, follow, max-snippet:-1, max-image-preview:large, max-video-preview:-1\" \/>\n<link rel=\"canonical\" href=\"https:\/\/www.mymonacelliitaly.com\/pt-br\/produto\/colorand\/\" \/>\n<meta property=\"og:locale\" content=\"en_US\" \/>\n<meta property=\"og:type\" content=\"article\" \/>\n<meta property=\"og:title\" content=\"COLORAND | My Monacelli Italy\" \/>\n<meta property=\"og:description\" content=\"VIBRANTE, HARMONIOSO, VERS\u00c1TIL  ColorAnd \u00e9 uma tintura cosm\u00e9tica direta. Enriquecida com o complexo CromacherOne Complex, que intensifica e exalta a cor natural, corrigindo e harmonizando o reflexo. Aconselhado para quem est\u00e1 tingindo o cabelo pela primeira vez ou para quem j\u00e1 tem cabelos tingidos, descoloridos ou sem reflexos. Tamb\u00e9m pode ser usado imediatamente ap\u00f3s um servi\u00e7o t\u00e9cnico de ondula\u00e7\u00e3o ou de alisamento. ColorAnd sai naturalmente em 10 lavagens, sem deixar o efeito de ra\u00edzes de cor diferente. CAPACIDADE 150 ml - 15 ml Exclusivamente no sal\u00e3o\" \/>\n<meta property=\"og:url\" content=\"https:\/\/www.mymonacelliitaly.com\/pt-br\/produto\/colorand\/\" \/>\n<meta property=\"og:site_name\" content=\"My Monacelli Italy\" \/>\n<meta property=\"article:publisher\" content=\"https:\/\/www.facebook.com\/monacelliitaly\" \/>\n<meta property=\"article:modified_time\" content=\"2021-05-24T15:44:54+00:00\" \/>\n<meta property=\"og:image\" content=\"https:\/\/www.mymonacelliitaly.com\/wp-content\/uploads\/2020\/10\/colorand.jpg\" \/>\n\t<meta property=\"og:image:width\" content=\"600\" \/>\n\t<meta property=\"og:image:height\" content=\"803\" \/>\n\t<meta property=\"og:image:type\" content=\"image\/jpeg\" \/>\n<meta name=\"twitter:card\" content=\"summary_large_image\" \/>\n<script type=\"application\/ld+json\" class=\"yoast-schema-graph\">{\"@context\":\"https:\/\/schema.org\",\"@graph\":[{\"@type\":\"WebPage\",\"@id\":\"https:\/\/www.mymonacelliitaly.com\/pt-br\/produto\/colorand\/\",\"url\":\"https:\/\/www.mymonacelliitaly.com\/pt-br\/produto\/colorand\/\",\"name\":\"COLORAND | My Monacelli Italy\",\"isPartOf\":{\"@id\":\"https:\/\/www.mymonacelliitaly.com\/pt-br\/#website\"},\"primaryImageOfPage\":{\"@id\":\"https:\/\/www.mymonacelliitaly.com\/pt-br\/produto\/colorand\/#primaryimage\"},\"image\":{\"@id\":\"https:\/\/www.mymonacelliitaly.com\/pt-br\/produto\/colorand\/#primaryimage\"},\"thumbnailUrl\":\"https:\/\/www.mymonacelliitaly.com\/wp-content\/uploads\/2020\/10\/colorand.jpg\",\"datePublished\":\"2020-10-09T06:25:23+00:00\",\"dateModified\":\"2021-05-24T15:44:54+00:00\",\"description\":\"VIBRANTE, HARMONIOSO, VERS\u00c1TIL ColorAnd \u00e9 uma tintura cosm\u00e9tica direta. Enriquecida com o complexo CromacherOne Complex, que intensifica e exalta a cor natural, corrigindo e harmonizando o reflexo. Aconselhado para quem est\u00e1 tingindo o cabelo pela primeira vez ou para quem j\u00e1 tem cabelos tingidos, descoloridos ou sem reflexos. Tamb\u00e9m pode ser usado imediatamente ap\u00f3s um servi\u00e7o t\u00e9cnico de ondula\u00e7\u00e3o ou de alisamento. ColorAnd sai naturalmente em 10 lavagens, sem deixar o efeito de ra\u00edzes de cor diferente. CAPACIDADE 150 ml - 15 ml Exclusivamente no sal\u00e3o\",\"breadcrumb\":{\"@id\":\"https:\/\/www.mymonacelliitaly.com\/pt-br\/produto\/colorand\/#breadcrumb\"},\"inLanguage\":\"BR\",\"potentialAction\":[{\"@type\":\"ReadAction\",\"target\":[\"https:\/\/www.mymonacelliitaly.com\/pt-br\/produto\/colorand\/\"]}]},{\"@type\":\"ImageObject\",\"inLanguage\":\"BR\",\"@id\":\"https:\/\/www.mymonacelliitaly.com\/pt-br\/produto\/colorand\/#primaryimage\",\"url\":\"https:\/\/www.mymonacelliitaly.com\/wp-content\/uploads\/2020\/10\/colorand.jpg\",\"contentUrl\":\"https:\/\/www.mymonacelliitaly.com\/wp-content\/uploads\/2020\/10\/colorand.jpg\",\"width\":600,\"height\":803},{\"@type\":\"BreadcrumbList\",\"@id\":\"https:\/\/www.mymonacelliitaly.com\/pt-br\/produto\/colorand\/#breadcrumb\",\"itemListElement\":[{\"@type\":\"ListItem\",\"position\":1,\"name\":\"Home\",\"item\":\"https:\/\/www.mymonacelliitaly.com\/pt-br\/\"},{\"@type\":\"ListItem\",\"position\":2,\"name\":\"Shop\",\"item\":\"https:\/\/www.mymonacelliitaly.com\/negozio\/\"},{\"@type\":\"ListItem\",\"position\":3,\"name\":\"COLORAND\"}]},{\"@type\":\"WebSite\",\"@id\":\"https:\/\/www.mymonacelliitaly.com\/pt-br\/#website\",\"url\":\"https:\/\/www.mymonacelliitaly.com\/pt-br\/\",\"name\":\"My Monacelli Italy\",\"description\":\"L\u2019unica azienda cosmetica certificata come \u201cazienda di sviluppo\u201d.\",\"publisher\":{\"@id\":\"https:\/\/www.mymonacelliitaly.com\/pt-br\/#organization\"},\"potentialAction\":[{\"@type\":\"SearchAction\",\"target\":{\"@type\":\"EntryPoint\",\"urlTemplate\":\"https:\/\/www.mymonacelliitaly.com\/pt-br\/?s={search_term_string}\"},\"query-input\":{\"@type\":\"PropertyValueSpecification\",\"valueRequired\":true,\"valueName\":\"search_term_string\"}}],\"inLanguage\":\"BR\"},{\"@type\":\"Organization\",\"@id\":\"https:\/\/www.mymonacelliitaly.com\/pt-br\/#organization\",\"name\":\"Monacelli Italy\",\"url\":\"https:\/\/www.mymonacelliitaly.com\/pt-br\/\",\"logo\":{\"@type\":\"ImageObject\",\"inLanguage\":\"BR\",\"@id\":\"https:\/\/www.mymonacelliitaly.com\/pt-br\/#\/schema\/logo\/image\/\",\"url\":\"https:\/\/www.mymonacelliitaly.com\/wp-content\/uploads\/2020\/10\/logo-bn_FONDO-BIANCO.jpg\",\"contentUrl\":\"https:\/\/www.mymonacelliitaly.com\/wp-content\/uploads\/2020\/10\/logo-bn_FONDO-BIANCO.jpg\",\"width\":1074,\"height\":401,\"caption\":\"Monacelli Italy\"},\"image\":{\"@id\":\"https:\/\/www.mymonacelliitaly.com\/pt-br\/#\/schema\/logo\/image\/\"},\"sameAs\":[\"https:\/\/www.facebook.com\/monacelliitaly\"]}]}<\/script>\n<!-- \/ Yoast SEO plugin. -->","yoast_head_json":{"title":"COLORAND | My Monacelli Italy","description":"VIBRANTE, HARMONIOSO, VERS\u00c1TIL  ColorAnd \u00e9 uma tintura cosm\u00e9tica direta. Enriquecida com o complexo CromacherOne Complex, que intensifica e exalta a cor natural, corrigindo e harmonizando o reflexo. Aconselhado para quem est\u00e1 tingindo o cabelo pela primeira vez ou para quem j\u00e1 tem cabelos tingidos, descoloridos ou sem reflexos. Tamb\u00e9m pode ser usado imediatamente ap\u00f3s um servi\u00e7o t\u00e9cnico de ondula\u00e7\u00e3o ou de alisamento. ColorAnd sai naturalmente em 10 lavagens, sem deixar o efeito de ra\u00edzes de cor diferente. CAPACIDADE 150 ml - 15 ml Exclusivamente no sal\u00e3o","robots":{"index":"index","follow":"follow","max-snippet":"max-snippet:-1","max-image-preview":"max-image-preview:large","max-video-preview":"max-video-preview:-1"},"canonical":"https:\/\/www.mymonacelliitaly.com\/pt-br\/produto\/colorand\/","og_locale":"en_US","og_type":"article","og_title":"COLORAND | My Monacelli Italy","og_description":"VIBRANTE, HARMONIOSO, VERS\u00c1TIL  ColorAnd \u00e9 uma tintura cosm\u00e9tica direta. Enriquecida com o complexo CromacherOne Complex, que intensifica e exalta a cor natural, corrigindo e harmonizando o reflexo. Aconselhado para quem est\u00e1 tingindo o cabelo pela primeira vez ou para quem j\u00e1 tem cabelos tingidos, descoloridos ou sem reflexos. Tamb\u00e9m pode ser usado imediatamente ap\u00f3s um servi\u00e7o t\u00e9cnico de ondula\u00e7\u00e3o ou de alisamento. ColorAnd sai naturalmente em 10 lavagens, sem deixar o efeito de ra\u00edzes de cor diferente. CAPACIDADE 150 ml - 15 ml Exclusivamente no sal\u00e3o","og_url":"https:\/\/www.mymonacelliitaly.com\/pt-br\/produto\/colorand\/","og_site_name":"My Monacelli Italy","article_publisher":"https:\/\/www.facebook.com\/monacelliitaly","article_modified_time":"2021-05-24T15:44:54+00:00","og_image":[{"width":600,"height":803,"url":"https:\/\/www.mymonacelliitaly.com\/wp-content\/uploads\/2020\/10\/colorand.jpg","type":"image\/jpeg"}],"twitter_card":"summary_large_image","schema":{"@context":"https:\/\/schema.org","@graph":[{"@type":"WebPage","@id":"https:\/\/www.mymonacelliitaly.com\/pt-br\/produto\/colorand\/","url":"https:\/\/www.mymonacelliitaly.com\/pt-br\/produto\/colorand\/","name":"COLORAND | My Monacelli Italy","isPartOf":{"@id":"https:\/\/www.mymonacelliitaly.com\/pt-br\/#website"},"primaryImageOfPage":{"@id":"https:\/\/www.mymonacelliitaly.com\/pt-br\/produto\/colorand\/#primaryimage"},"image":{"@id":"https:\/\/www.mymonacelliitaly.com\/pt-br\/produto\/colorand\/#primaryimage"},"thumbnailUrl":"https:\/\/www.mymonacelliitaly.com\/wp-content\/uploads\/2020\/10\/colorand.jpg","datePublished":"2020-10-09T06:25:23+00:00","dateModified":"2021-05-24T15:44:54+00:00","description":"VIBRANTE, HARMONIOSO, VERS\u00c1TIL ColorAnd \u00e9 uma tintura cosm\u00e9tica direta. Enriquecida com o complexo CromacherOne Complex, que intensifica e exalta a cor natural, corrigindo e harmonizando o reflexo. Aconselhado para quem est\u00e1 tingindo o cabelo pela primeira vez ou para quem j\u00e1 tem cabelos tingidos, descoloridos ou sem reflexos. Tamb\u00e9m pode ser usado imediatamente ap\u00f3s um servi\u00e7o t\u00e9cnico de ondula\u00e7\u00e3o ou de alisamento. ColorAnd sai naturalmente em 10 lavagens, sem deixar o efeito de ra\u00edzes de cor diferente. CAPACIDADE 150 ml - 15 ml Exclusivamente no sal\u00e3o","breadcrumb":{"@id":"https:\/\/www.mymonacelliitaly.com\/pt-br\/produto\/colorand\/#breadcrumb"},"inLanguage":"BR","potentialAction":[{"@type":"ReadAction","target":["https:\/\/www.mymonacelliitaly.com\/pt-br\/produto\/colorand\/"]}]},{"@type":"ImageObject","inLanguage":"BR","@id":"https:\/\/www.mymonacelliitaly.com\/pt-br\/produto\/colorand\/#primaryimage","url":"https:\/\/www.mymonacelliitaly.com\/wp-content\/uploads\/2020\/10\/colorand.jpg","contentUrl":"https:\/\/www.mymonacelliitaly.com\/wp-content\/uploads\/2020\/10\/colorand.jpg","width":600,"height":803},{"@type":"BreadcrumbList","@id":"https:\/\/www.mymonacelliitaly.com\/pt-br\/produto\/colorand\/#breadcrumb","itemListElement":[{"@type":"ListItem","position":1,"name":"Home","item":"https:\/\/www.mymonacelliitaly.com\/pt-br\/"},{"@type":"ListItem","position":2,"name":"Shop","item":"https:\/\/www.mymonacelliitaly.com\/negozio\/"},{"@type":"ListItem","position":3,"name":"COLORAND"}]},{"@type":"WebSite","@id":"https:\/\/www.mymonacelliitaly.com\/pt-br\/#website","url":"https:\/\/www.mymonacelliitaly.com\/pt-br\/","name":"My Monacelli Italy","description":"L\u2019unica azienda cosmetica certificata come \u201cazienda di sviluppo\u201d.","publisher":{"@id":"https:\/\/www.mymonacelliitaly.com\/pt-br\/#organization"},"potentialAction":[{"@type":"SearchAction","target":{"@type":"EntryPoint","urlTemplate":"https:\/\/www.mymonacelliitaly.com\/pt-br\/?s={search_term_string}"},"query-input":{"@type":"PropertyValueSpecification","valueRequired":true,"valueName":"search_term_string"}}],"inLanguage":"BR"},{"@type":"Organization","@id":"https:\/\/www.mymonacelliitaly.com\/pt-br\/#organization","name":"Monacelli Italy","url":"https:\/\/www.mymonacelliitaly.com\/pt-br\/","logo":{"@type":"ImageObject","inLanguage":"BR","@id":"https:\/\/www.mymonacelliitaly.com\/pt-br\/#\/schema\/logo\/image\/","url":"https:\/\/www.mymonacelliitaly.com\/wp-content\/uploads\/2020\/10\/logo-bn_FONDO-BIANCO.jpg","contentUrl":"https:\/\/www.mymonacelliitaly.com\/wp-content\/uploads\/2020\/10\/logo-bn_FONDO-BIANCO.jpg","width":1074,"height":401,"caption":"Monacelli Italy"},"image":{"@id":"https:\/\/www.mymonacelliitaly.com\/pt-br\/#\/schema\/logo\/image\/"},"sameAs":["https:\/\/www.facebook.com\/monacelliitaly"]}]}},"_links":{"self":[{"href":"https:\/\/www.mymonacelliitaly.com\/pt-br\/wp-json\/wp\/v2\/product\/9834","targetHints":{"allow":["GET"]}}],"collection":[{"href":"https:\/\/www.mymonacelliitaly.com\/pt-br\/wp-json\/wp\/v2\/product"}],"about":[{"href":"https:\/\/www.mymonacelliitaly.com\/pt-br\/wp-json\/wp\/v2\/types\/product"}],"replies":[{"embeddable":true,"href":"https:\/\/www.mymonacelliitaly.com\/pt-br\/wp-json\/wp\/v2\/comments?post=9834"}],"wp:featuredmedia":[{"embeddable":true,"href":"https:\/\/www.mymonacelliitaly.com\/pt-br\/wp-json\/wp\/v2\/media\/8325"}],"wp:attachment":[{"href":"https:\/\/www.mymonacelliitaly.com\/pt-br\/wp-json\/wp\/v2\/media?parent=9834"}],"wp:term":[{"taxonomy":"product_brand","embeddable":true,"href":"https:\/\/www.mymonacelliitaly.com\/pt-br\/wp-json\/wp\/v2\/product_brand?post=9834"},{"taxonomy":"product_cat","embeddable":true,"href":"https:\/\/www.mymonacelliitaly.com\/pt-br\/wp-json\/wp\/v2\/product_cat?post=9834"},{"taxonomy":"product_tag","embeddable":true,"href":"https:\/\/www.mymonacelliitaly.com\/pt-br\/wp-json\/wp\/v2\/product_tag?post=9834"}],"curies":[{"name":"wp","href":"https:\/\/api.w.org\/{rel}","templated":true}]}}