












{"id":9806,"date":"2020-10-15T16:18:17","date_gmt":"2020-10-15T15:18:17","guid":{"rendered":"https:\/\/www.mymonacelliitaly.com\/product\/reforce-siero-specifico-per-uomo\/"},"modified":"2021-05-20T16:25:18","modified_gmt":"2021-05-20T15:25:18","slug":"reforce-siero-specifico-per-uomo","status":"publish","type":"product","link":"https:\/\/www.mymonacelliitaly.com\/pt-br\/produto\/reforce-siero-specifico-per-uomo\/","title":{"rendered":"REFORCE &#8211; S\u00e9rum Espec\u00edfico para Homens"},"content":{"rendered":"","protected":false},"excerpt":{"rendered":"<p><strong>PREVINE E COMBATE A QUEDA<\/strong><\/p>\n<p><strong>Lo\u00e7\u00e3o hidralco\u00f3lica,<\/strong> espec\u00edfica para a androgen\u00e9tica <strong>masculina<\/strong>, que restabelece a funcionalidade correta do fol\u00edculo piloso, previne a miniaturiza\u00e7\u00e3o e a queda dos cabelos e proporciona robustez os existentes. Estimula a microcircula\u00e7\u00e3o e reequilibra as secre\u00e7\u00f5es seb\u00e1ceas.<\/p>\n<p><strong>Oxigena e nutre o couro cabeludo.\u00a0Os cabelos ficar\u00e3o mais fortes e robustos.<\/strong><\/p>\n<p>Seguro e eficaz tanto em cabelos naturais como em cabelos coloridos.<\/p>\n<p>A poss\u00edvel varia\u00e7\u00e3o leve de cor \u00e9 sinal da naturalidade dos componentes e n\u00e3o altera a qualidade do produto.<\/p>\n<p>&nbsp;<\/p>\n<p><strong>Capacidade:<\/strong> <em>100 ml<\/em><\/p>\n","protected":false},"featured_media":5100,"comment_status":"open","ping_status":"closed","template":"","meta":[],"product_brand":[],"product_cat":[356,295,359,352,354,355,296,353,292,351],"product_tag":[300,357,360],"class_list":{"0":"post-9806","1":"product","2":"type-product","3":"status-publish","4":"has-post-thumbnail","6":"product_cat-antiqueda","7":"product_cat-cabelos-com-aspecto-pesado","8":"product_cat-couro-cabeludo-com-caspa","9":"product_cat-couro-cabeludo-com-prurido","10":"product_cat-couro-cabeludo-com-vermelhidao","11":"product_cat-couro-cabeludo-hiperativo","12":"product_cat-couro-cabeludo-oleoso","13":"product_cat-couro-cabeludo-sensivel","14":"product_cat-locoes-para-cabelos","15":"product_cat-tricorewire","16":"product_tag-cabelos","17":"product_tag-queda-dos-cabelos","18":"product_tag-soro-cabelos","20":"first","21":"instock","22":"shipping-taxable","23":"purchasable","24":"product-type-simple"},"yoast_head":"<!-- This site is optimized with the Yoast SEO plugin v25.0 - https:\/\/yoast.com\/wordpress\/plugins\/seo\/ -->\n<title>REFORCE - S\u00e9rum Espec\u00edfico para Homens | My Monacelli Italy<\/title>\n<meta name=\"description\" content=\"PREVINE E COMBATE A QUEDA  Lo\u00e7\u00e3o hidralco\u00f3lica, espec\u00edfica para a androgen\u00e9tica masculina, que restabelece a funcionalidade correta do fol\u00edculo piloso, previne a miniaturiza\u00e7\u00e3o e a queda dos cabelos e proporciona robustez os existentes. Estimula a microcircula\u00e7\u00e3o e reequilibra as secre\u00e7\u00f5es seb\u00e1ceas.  Oxigena e nutre o couro cabeludo.\u00a0Os cabelos ficar\u00e3o mais fortes e robustos.  Seguro e eficaz tanto em cabelos naturais como em cabelos coloridos.  A poss\u00edvel varia\u00e7\u00e3o leve de cor \u00e9 sinal da naturalidade dos componentes e n\u00e3o altera a qualidade do produto.  &nbsp;  Capacidade: 100 ml\" \/>\n<meta name=\"robots\" content=\"index, follow, max-snippet:-1, max-image-preview:large, max-video-preview:-1\" \/>\n<link rel=\"canonical\" href=\"https:\/\/www.mymonacelliitaly.com\/pt-br\/produto\/reforce-siero-specifico-per-uomo\/\" \/>\n<meta property=\"og:locale\" content=\"en_US\" \/>\n<meta property=\"og:type\" content=\"article\" \/>\n<meta property=\"og:title\" content=\"REFORCE - S\u00e9rum Espec\u00edfico para Homens | My Monacelli Italy\" \/>\n<meta property=\"og:description\" content=\"PREVINE E COMBATE A QUEDA  Lo\u00e7\u00e3o hidralco\u00f3lica, espec\u00edfica para a androgen\u00e9tica masculina, que restabelece a funcionalidade correta do fol\u00edculo piloso, previne a miniaturiza\u00e7\u00e3o e a queda dos cabelos e proporciona robustez os existentes. Estimula a microcircula\u00e7\u00e3o e reequilibra as secre\u00e7\u00f5es seb\u00e1ceas.  Oxigena e nutre o couro cabeludo.\u00a0Os cabelos ficar\u00e3o mais fortes e robustos.  Seguro e eficaz tanto em cabelos naturais como em cabelos coloridos.  A poss\u00edvel varia\u00e7\u00e3o leve de cor \u00e9 sinal da naturalidade dos componentes e n\u00e3o altera a qualidade do produto.  &nbsp;  Capacidade: 100 ml\" \/>\n<meta property=\"og:url\" content=\"https:\/\/www.mymonacelliitaly.com\/pt-br\/produto\/reforce-siero-specifico-per-uomo\/\" \/>\n<meta property=\"og:site_name\" content=\"My Monacelli Italy\" \/>\n<meta property=\"article:publisher\" content=\"https:\/\/www.facebook.com\/monacelliitaly\" \/>\n<meta property=\"article:modified_time\" content=\"2021-05-20T15:25:18+00:00\" \/>\n<meta property=\"og:image\" content=\"https:\/\/www.mymonacelliitaly.com\/wp-content\/uploads\/2020\/10\/reforce.jpg\" \/>\n\t<meta property=\"og:image:width\" content=\"600\" \/>\n\t<meta property=\"og:image:height\" content=\"803\" \/>\n\t<meta property=\"og:image:type\" content=\"image\/jpeg\" \/>\n<meta name=\"twitter:card\" content=\"summary_large_image\" \/>\n<script type=\"application\/ld+json\" class=\"yoast-schema-graph\">{\"@context\":\"https:\/\/schema.org\",\"@graph\":[{\"@type\":\"WebPage\",\"@id\":\"https:\/\/www.mymonacelliitaly.com\/pt-br\/produto\/reforce-siero-specifico-per-uomo\/\",\"url\":\"https:\/\/www.mymonacelliitaly.com\/pt-br\/produto\/reforce-siero-specifico-per-uomo\/\",\"name\":\"REFORCE - S\u00e9rum Espec\u00edfico para Homens | My Monacelli Italy\",\"isPartOf\":{\"@id\":\"https:\/\/www.mymonacelliitaly.com\/pt-br\/#website\"},\"primaryImageOfPage\":{\"@id\":\"https:\/\/www.mymonacelliitaly.com\/pt-br\/produto\/reforce-siero-specifico-per-uomo\/#primaryimage\"},\"image\":{\"@id\":\"https:\/\/www.mymonacelliitaly.com\/pt-br\/produto\/reforce-siero-specifico-per-uomo\/#primaryimage\"},\"thumbnailUrl\":\"https:\/\/www.mymonacelliitaly.com\/wp-content\/uploads\/2020\/10\/reforce.jpg\",\"datePublished\":\"2020-10-15T15:18:17+00:00\",\"dateModified\":\"2021-05-20T15:25:18+00:00\",\"description\":\"PREVINE E COMBATE A QUEDA Lo\u00e7\u00e3o hidralco\u00f3lica, espec\u00edfica para a androgen\u00e9tica masculina, que restabelece a funcionalidade correta do fol\u00edculo piloso, previne a miniaturiza\u00e7\u00e3o e a queda dos cabelos e proporciona robustez os existentes. Estimula a microcircula\u00e7\u00e3o e reequilibra as secre\u00e7\u00f5es seb\u00e1ceas. Oxigena e nutre o couro cabeludo.\u00a0Os cabelos ficar\u00e3o mais fortes e robustos. Seguro e eficaz tanto em cabelos naturais como em cabelos coloridos. A poss\u00edvel varia\u00e7\u00e3o leve de cor \u00e9 sinal da naturalidade dos componentes e n\u00e3o altera a qualidade do produto. &nbsp; Capacidade: 100 ml\",\"breadcrumb\":{\"@id\":\"https:\/\/www.mymonacelliitaly.com\/pt-br\/produto\/reforce-siero-specifico-per-uomo\/#breadcrumb\"},\"inLanguage\":\"BR\",\"potentialAction\":[{\"@type\":\"ReadAction\",\"target\":[\"https:\/\/www.mymonacelliitaly.com\/pt-br\/produto\/reforce-siero-specifico-per-uomo\/\"]}]},{\"@type\":\"ImageObject\",\"inLanguage\":\"BR\",\"@id\":\"https:\/\/www.mymonacelliitaly.com\/pt-br\/produto\/reforce-siero-specifico-per-uomo\/#primaryimage\",\"url\":\"https:\/\/www.mymonacelliitaly.com\/wp-content\/uploads\/2020\/10\/reforce.jpg\",\"contentUrl\":\"https:\/\/www.mymonacelliitaly.com\/wp-content\/uploads\/2020\/10\/reforce.jpg\",\"width\":600,\"height\":803},{\"@type\":\"BreadcrumbList\",\"@id\":\"https:\/\/www.mymonacelliitaly.com\/pt-br\/produto\/reforce-siero-specifico-per-uomo\/#breadcrumb\",\"itemListElement\":[{\"@type\":\"ListItem\",\"position\":1,\"name\":\"Home\",\"item\":\"https:\/\/www.mymonacelliitaly.com\/pt-br\/\"},{\"@type\":\"ListItem\",\"position\":2,\"name\":\"Shop\",\"item\":\"https:\/\/www.mymonacelliitaly.com\/negozio\/\"},{\"@type\":\"ListItem\",\"position\":3,\"name\":\"REFORCE &#8211; S\u00e9rum Espec\u00edfico para Homens\"}]},{\"@type\":\"WebSite\",\"@id\":\"https:\/\/www.mymonacelliitaly.com\/pt-br\/#website\",\"url\":\"https:\/\/www.mymonacelliitaly.com\/pt-br\/\",\"name\":\"My Monacelli Italy\",\"description\":\"L\u2019unica azienda cosmetica certificata come \u201cazienda di sviluppo\u201d.\",\"publisher\":{\"@id\":\"https:\/\/www.mymonacelliitaly.com\/pt-br\/#organization\"},\"potentialAction\":[{\"@type\":\"SearchAction\",\"target\":{\"@type\":\"EntryPoint\",\"urlTemplate\":\"https:\/\/www.mymonacelliitaly.com\/pt-br\/?s={search_term_string}\"},\"query-input\":{\"@type\":\"PropertyValueSpecification\",\"valueRequired\":true,\"valueName\":\"search_term_string\"}}],\"inLanguage\":\"BR\"},{\"@type\":\"Organization\",\"@id\":\"https:\/\/www.mymonacelliitaly.com\/pt-br\/#organization\",\"name\":\"Monacelli Italy\",\"url\":\"https:\/\/www.mymonacelliitaly.com\/pt-br\/\",\"logo\":{\"@type\":\"ImageObject\",\"inLanguage\":\"BR\",\"@id\":\"https:\/\/www.mymonacelliitaly.com\/pt-br\/#\/schema\/logo\/image\/\",\"url\":\"https:\/\/www.mymonacelliitaly.com\/wp-content\/uploads\/2020\/10\/logo-bn_FONDO-BIANCO.jpg\",\"contentUrl\":\"https:\/\/www.mymonacelliitaly.com\/wp-content\/uploads\/2020\/10\/logo-bn_FONDO-BIANCO.jpg\",\"width\":1074,\"height\":401,\"caption\":\"Monacelli Italy\"},\"image\":{\"@id\":\"https:\/\/www.mymonacelliitaly.com\/pt-br\/#\/schema\/logo\/image\/\"},\"sameAs\":[\"https:\/\/www.facebook.com\/monacelliitaly\"]}]}<\/script>\n<!-- \/ Yoast SEO plugin. -->","yoast_head_json":{"title":"REFORCE - S\u00e9rum Espec\u00edfico para Homens | My Monacelli Italy","description":"PREVINE E COMBATE A QUEDA  Lo\u00e7\u00e3o hidralco\u00f3lica, espec\u00edfica para a androgen\u00e9tica masculina, que restabelece a funcionalidade correta do fol\u00edculo piloso, previne a miniaturiza\u00e7\u00e3o e a queda dos cabelos e proporciona robustez os existentes. Estimula a microcircula\u00e7\u00e3o e reequilibra as secre\u00e7\u00f5es seb\u00e1ceas.  Oxigena e nutre o couro cabeludo.\u00a0Os cabelos ficar\u00e3o mais fortes e robustos.  Seguro e eficaz tanto em cabelos naturais como em cabelos coloridos.  A poss\u00edvel varia\u00e7\u00e3o leve de cor \u00e9 sinal da naturalidade dos componentes e n\u00e3o altera a qualidade do produto.  &nbsp;  Capacidade: 100 ml","robots":{"index":"index","follow":"follow","max-snippet":"max-snippet:-1","max-image-preview":"max-image-preview:large","max-video-preview":"max-video-preview:-1"},"canonical":"https:\/\/www.mymonacelliitaly.com\/pt-br\/produto\/reforce-siero-specifico-per-uomo\/","og_locale":"en_US","og_type":"article","og_title":"REFORCE - S\u00e9rum Espec\u00edfico para Homens | My Monacelli Italy","og_description":"PREVINE E COMBATE A QUEDA  Lo\u00e7\u00e3o hidralco\u00f3lica, espec\u00edfica para a androgen\u00e9tica masculina, que restabelece a funcionalidade correta do fol\u00edculo piloso, previne a miniaturiza\u00e7\u00e3o e a queda dos cabelos e proporciona robustez os existentes. Estimula a microcircula\u00e7\u00e3o e reequilibra as secre\u00e7\u00f5es seb\u00e1ceas.  Oxigena e nutre o couro cabeludo.\u00a0Os cabelos ficar\u00e3o mais fortes e robustos.  Seguro e eficaz tanto em cabelos naturais como em cabelos coloridos.  A poss\u00edvel varia\u00e7\u00e3o leve de cor \u00e9 sinal da naturalidade dos componentes e n\u00e3o altera a qualidade do produto.  &nbsp;  Capacidade: 100 ml","og_url":"https:\/\/www.mymonacelliitaly.com\/pt-br\/produto\/reforce-siero-specifico-per-uomo\/","og_site_name":"My Monacelli Italy","article_publisher":"https:\/\/www.facebook.com\/monacelliitaly","article_modified_time":"2021-05-20T15:25:18+00:00","og_image":[{"width":600,"height":803,"url":"https:\/\/www.mymonacelliitaly.com\/wp-content\/uploads\/2020\/10\/reforce.jpg","type":"image\/jpeg"}],"twitter_card":"summary_large_image","schema":{"@context":"https:\/\/schema.org","@graph":[{"@type":"WebPage","@id":"https:\/\/www.mymonacelliitaly.com\/pt-br\/produto\/reforce-siero-specifico-per-uomo\/","url":"https:\/\/www.mymonacelliitaly.com\/pt-br\/produto\/reforce-siero-specifico-per-uomo\/","name":"REFORCE - S\u00e9rum Espec\u00edfico para Homens | My Monacelli Italy","isPartOf":{"@id":"https:\/\/www.mymonacelliitaly.com\/pt-br\/#website"},"primaryImageOfPage":{"@id":"https:\/\/www.mymonacelliitaly.com\/pt-br\/produto\/reforce-siero-specifico-per-uomo\/#primaryimage"},"image":{"@id":"https:\/\/www.mymonacelliitaly.com\/pt-br\/produto\/reforce-siero-specifico-per-uomo\/#primaryimage"},"thumbnailUrl":"https:\/\/www.mymonacelliitaly.com\/wp-content\/uploads\/2020\/10\/reforce.jpg","datePublished":"2020-10-15T15:18:17+00:00","dateModified":"2021-05-20T15:25:18+00:00","description":"PREVINE E COMBATE A QUEDA Lo\u00e7\u00e3o hidralco\u00f3lica, espec\u00edfica para a androgen\u00e9tica masculina, que restabelece a funcionalidade correta do fol\u00edculo piloso, previne a miniaturiza\u00e7\u00e3o e a queda dos cabelos e proporciona robustez os existentes. Estimula a microcircula\u00e7\u00e3o e reequilibra as secre\u00e7\u00f5es seb\u00e1ceas. Oxigena e nutre o couro cabeludo.\u00a0Os cabelos ficar\u00e3o mais fortes e robustos. Seguro e eficaz tanto em cabelos naturais como em cabelos coloridos. A poss\u00edvel varia\u00e7\u00e3o leve de cor \u00e9 sinal da naturalidade dos componentes e n\u00e3o altera a qualidade do produto. &nbsp; Capacidade: 100 ml","breadcrumb":{"@id":"https:\/\/www.mymonacelliitaly.com\/pt-br\/produto\/reforce-siero-specifico-per-uomo\/#breadcrumb"},"inLanguage":"BR","potentialAction":[{"@type":"ReadAction","target":["https:\/\/www.mymonacelliitaly.com\/pt-br\/produto\/reforce-siero-specifico-per-uomo\/"]}]},{"@type":"ImageObject","inLanguage":"BR","@id":"https:\/\/www.mymonacelliitaly.com\/pt-br\/produto\/reforce-siero-specifico-per-uomo\/#primaryimage","url":"https:\/\/www.mymonacelliitaly.com\/wp-content\/uploads\/2020\/10\/reforce.jpg","contentUrl":"https:\/\/www.mymonacelliitaly.com\/wp-content\/uploads\/2020\/10\/reforce.jpg","width":600,"height":803},{"@type":"BreadcrumbList","@id":"https:\/\/www.mymonacelliitaly.com\/pt-br\/produto\/reforce-siero-specifico-per-uomo\/#breadcrumb","itemListElement":[{"@type":"ListItem","position":1,"name":"Home","item":"https:\/\/www.mymonacelliitaly.com\/pt-br\/"},{"@type":"ListItem","position":2,"name":"Shop","item":"https:\/\/www.mymonacelliitaly.com\/negozio\/"},{"@type":"ListItem","position":3,"name":"REFORCE &#8211; S\u00e9rum Espec\u00edfico para Homens"}]},{"@type":"WebSite","@id":"https:\/\/www.mymonacelliitaly.com\/pt-br\/#website","url":"https:\/\/www.mymonacelliitaly.com\/pt-br\/","name":"My Monacelli Italy","description":"L\u2019unica azienda cosmetica certificata come \u201cazienda di sviluppo\u201d.","publisher":{"@id":"https:\/\/www.mymonacelliitaly.com\/pt-br\/#organization"},"potentialAction":[{"@type":"SearchAction","target":{"@type":"EntryPoint","urlTemplate":"https:\/\/www.mymonacelliitaly.com\/pt-br\/?s={search_term_string}"},"query-input":{"@type":"PropertyValueSpecification","valueRequired":true,"valueName":"search_term_string"}}],"inLanguage":"BR"},{"@type":"Organization","@id":"https:\/\/www.mymonacelliitaly.com\/pt-br\/#organization","name":"Monacelli Italy","url":"https:\/\/www.mymonacelliitaly.com\/pt-br\/","logo":{"@type":"ImageObject","inLanguage":"BR","@id":"https:\/\/www.mymonacelliitaly.com\/pt-br\/#\/schema\/logo\/image\/","url":"https:\/\/www.mymonacelliitaly.com\/wp-content\/uploads\/2020\/10\/logo-bn_FONDO-BIANCO.jpg","contentUrl":"https:\/\/www.mymonacelliitaly.com\/wp-content\/uploads\/2020\/10\/logo-bn_FONDO-BIANCO.jpg","width":1074,"height":401,"caption":"Monacelli Italy"},"image":{"@id":"https:\/\/www.mymonacelliitaly.com\/pt-br\/#\/schema\/logo\/image\/"},"sameAs":["https:\/\/www.facebook.com\/monacelliitaly"]}]}},"_links":{"self":[{"href":"https:\/\/www.mymonacelliitaly.com\/pt-br\/wp-json\/wp\/v2\/product\/9806","targetHints":{"allow":["GET"]}}],"collection":[{"href":"https:\/\/www.mymonacelliitaly.com\/pt-br\/wp-json\/wp\/v2\/product"}],"about":[{"href":"https:\/\/www.mymonacelliitaly.com\/pt-br\/wp-json\/wp\/v2\/types\/product"}],"replies":[{"embeddable":true,"href":"https:\/\/www.mymonacelliitaly.com\/pt-br\/wp-json\/wp\/v2\/comments?post=9806"}],"wp:featuredmedia":[{"embeddable":true,"href":"https:\/\/www.mymonacelliitaly.com\/pt-br\/wp-json\/wp\/v2\/media\/5100"}],"wp:attachment":[{"href":"https:\/\/www.mymonacelliitaly.com\/pt-br\/wp-json\/wp\/v2\/media?parent=9806"}],"wp:term":[{"taxonomy":"product_brand","embeddable":true,"href":"https:\/\/www.mymonacelliitaly.com\/pt-br\/wp-json\/wp\/v2\/product_brand?post=9806"},{"taxonomy":"product_cat","embeddable":true,"href":"https:\/\/www.mymonacelliitaly.com\/pt-br\/wp-json\/wp\/v2\/product_cat?post=9806"},{"taxonomy":"product_tag","embeddable":true,"href":"https:\/\/www.mymonacelliitaly.com\/pt-br\/wp-json\/wp\/v2\/product_tag?post=9806"}],"curies":[{"name":"wp","href":"https:\/\/api.w.org\/{rel}","templated":true}]}}